{"id":51240,"date":"2021-08-17T04:21:01","date_gmt":"2021-08-17T09:21:01","guid":{"rendered":"https:\/\/www.partnershipagainstcancer.ca\/?post_type=topics&#038;p=51240"},"modified":"2023-10-26T10:45:26","modified_gmt":"2023-10-26T15:45:26","slug":"first-nations-inuit-metis","status":"publish","type":"topics","link":"https:\/\/www.partnershipagainstcancer.ca\/fr\/topics\/palliative-care-competency-framework\/first-nations-inuit-metis\/","title":{"rendered":"Premi\u00e8res Nations, Inuits et M\u00e9tis"},"content":{"rendered":"","protected":false},"excerpt":{"rendered":"<p>L\u2019inclusion dans ce cadre de comp\u00e9tences propres aux Premi\u00e8res Nations, aux Inuits et aux M\u00e9tis t\u00e9moigne de l\u2019engagement du Canada en faveur de la r\u00e9conciliation et souligne l\u2019importance cruciale de la s\u00e9curit\u00e9 culturelle pour la prestation de soins palliatifs de grande qualit\u00e9<\/p>\n","protected":false},"author":24,"featured_media":0,"parent":51234,"menu_order":3,"template":"","topics_tags":[],"type-of-care":[],"cancer-continuum":[],"cancer-system-measurement":[],"dbt-cancer-site":[],"dbt-risk-factors":[],"dbt-population-characteristics":[663,664,671,1796],"class_list":["post-51240","topics","type-topics","status-publish","hentry","dbt-population-characteristics-dbv-indigenous-fr","dbt-population-characteristics-dbv-inuit-fr","dbt-population-characteristics-dbv-metis-fr","dbt-population-characteristics-dbv-first-nations-fr"],"acf":[],"yoast_head":"<!-- This site is optimized with the Yoast SEO plugin v27.3 - https:\/\/yoast.com\/product\/yoast-seo-wordpress\/ -->\n<title>Canadian Partnership Against Cancer<\/title>\n<meta name=\"robots\" content=\"index, follow, max-snippet:-1, max-image-preview:large, max-video-preview:-1\" \/>\n<link rel=\"canonical\" href=\"https:\/\/www.partnershipagainstcancer.ca\/fr\/topics\/palliative-care-competency-framework\/first-nations-inuit-metis\/\" \/>\n<meta property=\"og:locale\" content=\"fr_FR\" \/>\n<meta property=\"og:type\" content=\"article\" \/>\n<meta property=\"og:title\" content=\"Premi\u00e8res Nations, Inuits et M\u00e9tis - Canadian Partnership Against Cancer\" \/>\n<meta property=\"og:description\" content=\"L\u2019inclusion dans ce cadre de comp\u00e9tences propres aux Premi\u00e8res Nations, aux Inuits et aux M\u00e9tis t\u00e9moigne de l\u2019engagement du Canada en faveur de la r\u00e9conciliation et souligne l\u2019importance cruciale de la s\u00e9curit\u00e9 culturelle pour la prestation de soins palliatifs de grande qualit\u00e9\" \/>\n<meta property=\"og:url\" content=\"https:\/\/www.partnershipagainstcancer.ca\/fr\/topics\/palliative-care-competency-framework\/first-nations-inuit-metis\/\" \/>\n<meta property=\"og:site_name\" content=\"Canadian Partnership Against Cancer\" \/>\n<meta property=\"article:publisher\" content=\"https:\/\/www.facebook.com\/CanadianPartnershipAgainstCancer\/\" \/>\n<meta property=\"article:modified_time\" content=\"2023-10-26T15:45:26+00:00\" \/>\n<meta name=\"twitter:card\" content=\"summary_large_image\" \/>\n<meta name=\"twitter:site\" content=\"@cancerstratca\" \/>\n<script type=\"application\/ld+json\" class=\"yoast-schema-graph\">{\"@context\":\"https:\\\/\\\/schema.org\",\"@graph\":[{\"@type\":\"WebPage\",\"@id\":\"https:\\\/\\\/www.partnershipagainstcancer.ca\\\/fr\\\/topics\\\/palliative-care-competency-framework\\\/first-nations-inuit-metis\\\/\",\"url\":\"https:\\\/\\\/www.partnershipagainstcancer.ca\\\/fr\\\/topics\\\/palliative-care-competency-framework\\\/first-nations-inuit-metis\\\/\",\"name\":\"Premi\u00e8res Nations, Inuits et M\u00e9tis - Canadian Partnership Against Cancer\",\"isPartOf\":{\"@id\":\"https:\\\/\\\/dev.partnershipagainstcancer.ca\\\/#website\"},\"datePublished\":\"2021-08-17T09:21:01+00:00\",\"dateModified\":\"2023-10-26T15:45:26+00:00\",\"breadcrumb\":{\"@id\":\"https:\\\/\\\/www.partnershipagainstcancer.ca\\\/fr\\\/topics\\\/palliative-care-competency-framework\\\/first-nations-inuit-metis\\\/#breadcrumb\"},\"inLanguage\":\"fr-FR\",\"potentialAction\":[{\"@type\":\"ReadAction\",\"target\":[\"https:\\\/\\\/www.partnershipagainstcancer.ca\\\/fr\\\/topics\\\/palliative-care-competency-framework\\\/first-nations-inuit-metis\\\/\"]}]},{\"@type\":\"BreadcrumbList\",\"@id\":\"https:\\\/\\\/www.partnershipagainstcancer.ca\\\/fr\\\/topics\\\/palliative-care-competency-framework\\\/first-nations-inuit-metis\\\/#breadcrumb\",\"itemListElement\":[{\"@type\":\"ListItem\",\"position\":1,\"name\":\"Topics\",\"item\":\"https:\\\/\\\/www.partnershipagainstcancer.ca\\\/topics\\\/\"},{\"@type\":\"ListItem\",\"position\":2,\"name\":\"Cadre de comp\u00e9tences en soins palliatifs\",\"item\":\"https:\\\/\\\/www.partnershipagainstcancer.ca\\\/fr\\\/topics\\\/palliative-care-competency-framework\\\/\"},{\"@type\":\"ListItem\",\"position\":3,\"name\":\"Premi\u00e8res Nations, Inuits et M\u00e9tis\"}]},{\"@type\":\"WebSite\",\"@id\":\"https:\\\/\\\/dev.partnershipagainstcancer.ca\\\/#website\",\"url\":\"https:\\\/\\\/dev.partnershipagainstcancer.ca\\\/\",\"name\":\"Canadian Partnership Against Cancer\",\"description\":\"\",\"potentialAction\":[{\"@type\":\"SearchAction\",\"target\":{\"@type\":\"EntryPoint\",\"urlTemplate\":\"https:\\\/\\\/dev.partnershipagainstcancer.ca\\\/?s={search_term_string}\"},\"query-input\":{\"@type\":\"PropertyValueSpecification\",\"valueRequired\":true,\"valueName\":\"search_term_string\"}}],\"inLanguage\":\"fr-FR\"}]}<\/script>\n<!-- \/ Yoast SEO plugin. -->","yoast_head_json":{"title":"Canadian Partnership Against Cancer","robots":{"index":"index","follow":"follow","max-snippet":"max-snippet:-1","max-image-preview":"max-image-preview:large","max-video-preview":"max-video-preview:-1"},"canonical":"https:\/\/www.partnershipagainstcancer.ca\/fr\/topics\/palliative-care-competency-framework\/first-nations-inuit-metis\/","og_locale":"fr_FR","og_type":"article","og_title":"Premi\u00e8res Nations, Inuits et M\u00e9tis - Canadian Partnership Against Cancer","og_description":"L\u2019inclusion dans ce cadre de comp\u00e9tences propres aux Premi\u00e8res Nations, aux Inuits et aux M\u00e9tis t\u00e9moigne de l\u2019engagement du Canada en faveur de la r\u00e9conciliation et souligne l\u2019importance cruciale de la s\u00e9curit\u00e9 culturelle pour la prestation de soins palliatifs de grande qualit\u00e9","og_url":"https:\/\/www.partnershipagainstcancer.ca\/fr\/topics\/palliative-care-competency-framework\/first-nations-inuit-metis\/","og_site_name":"Canadian Partnership Against Cancer","article_publisher":"https:\/\/www.facebook.com\/CanadianPartnershipAgainstCancer\/","article_modified_time":"2023-10-26T15:45:26+00:00","twitter_card":"summary_large_image","twitter_site":"@cancerstratca","schema":{"@context":"https:\/\/schema.org","@graph":[{"@type":"WebPage","@id":"https:\/\/www.partnershipagainstcancer.ca\/fr\/topics\/palliative-care-competency-framework\/first-nations-inuit-metis\/","url":"https:\/\/www.partnershipagainstcancer.ca\/fr\/topics\/palliative-care-competency-framework\/first-nations-inuit-metis\/","name":"Premi\u00e8res Nations, Inuits et M\u00e9tis - Canadian Partnership Against Cancer","isPartOf":{"@id":"https:\/\/dev.partnershipagainstcancer.ca\/#website"},"datePublished":"2021-08-17T09:21:01+00:00","dateModified":"2023-10-26T15:45:26+00:00","breadcrumb":{"@id":"https:\/\/www.partnershipagainstcancer.ca\/fr\/topics\/palliative-care-competency-framework\/first-nations-inuit-metis\/#breadcrumb"},"inLanguage":"fr-FR","potentialAction":[{"@type":"ReadAction","target":["https:\/\/www.partnershipagainstcancer.ca\/fr\/topics\/palliative-care-competency-framework\/first-nations-inuit-metis\/"]}]},{"@type":"BreadcrumbList","@id":"https:\/\/www.partnershipagainstcancer.ca\/fr\/topics\/palliative-care-competency-framework\/first-nations-inuit-metis\/#breadcrumb","itemListElement":[{"@type":"ListItem","position":1,"name":"Topics","item":"https:\/\/www.partnershipagainstcancer.ca\/topics\/"},{"@type":"ListItem","position":2,"name":"Cadre de comp\u00e9tences en soins palliatifs","item":"https:\/\/www.partnershipagainstcancer.ca\/fr\/topics\/palliative-care-competency-framework\/"},{"@type":"ListItem","position":3,"name":"Premi\u00e8res Nations, Inuits et M\u00e9tis"}]},{"@type":"WebSite","@id":"https:\/\/dev.partnershipagainstcancer.ca\/#website","url":"https:\/\/dev.partnershipagainstcancer.ca\/","name":"Canadian Partnership Against Cancer","description":"","potentialAction":[{"@type":"SearchAction","target":{"@type":"EntryPoint","urlTemplate":"https:\/\/dev.partnershipagainstcancer.ca\/?s={search_term_string}"},"query-input":{"@type":"PropertyValueSpecification","valueRequired":true,"valueName":"search_term_string"}}],"inLanguage":"fr-FR"}]}},"_links":{"self":[{"href":"https:\/\/www.partnershipagainstcancer.ca\/fr\/wp-json\/wp\/v2\/topics\/51240","targetHints":{"allow":["GET"]}}],"collection":[{"href":"https:\/\/www.partnershipagainstcancer.ca\/fr\/wp-json\/wp\/v2\/topics"}],"about":[{"href":"https:\/\/www.partnershipagainstcancer.ca\/fr\/wp-json\/wp\/v2\/types\/topics"}],"author":[{"embeddable":true,"href":"https:\/\/www.partnershipagainstcancer.ca\/fr\/wp-json\/wp\/v2\/users\/24"}],"up":[{"embeddable":true,"href":"https:\/\/www.partnershipagainstcancer.ca\/fr\/wp-json\/wp\/v2\/topics\/51234"}],"wp:attachment":[{"href":"https:\/\/www.partnershipagainstcancer.ca\/fr\/wp-json\/wp\/v2\/media?parent=51240"}],"wp:term":[{"taxonomy":"topics_tags","embeddable":true,"href":"https:\/\/www.partnershipagainstcancer.ca\/fr\/wp-json\/wp\/v2\/topics_tags?post=51240"},{"taxonomy":"type-of-care","embeddable":true,"href":"https:\/\/www.partnershipagainstcancer.ca\/fr\/wp-json\/wp\/v2\/type-of-care?post=51240"},{"taxonomy":"cancer-continuum","embeddable":true,"href":"https:\/\/www.partnershipagainstcancer.ca\/fr\/wp-json\/wp\/v2\/cancer-continuum?post=51240"},{"taxonomy":"cancer-system-measurement","embeddable":true,"href":"https:\/\/www.partnershipagainstcancer.ca\/fr\/wp-json\/wp\/v2\/cancer-system-measurement?post=51240"},{"taxonomy":"dbt-cancer-site","embeddable":true,"href":"https:\/\/www.partnershipagainstcancer.ca\/fr\/wp-json\/wp\/v2\/dbt-cancer-site?post=51240"},{"taxonomy":"dbt-risk-factors","embeddable":true,"href":"https:\/\/www.partnershipagainstcancer.ca\/fr\/wp-json\/wp\/v2\/dbt-risk-factors?post=51240"},{"taxonomy":"dbt-population-characteristics","embeddable":true,"href":"https:\/\/www.partnershipagainstcancer.ca\/fr\/wp-json\/wp\/v2\/dbt-population-characteristics?post=51240"}],"curies":[{"name":"wp","href":"https:\/\/api.w.org\/{rel}","templated":true}]}}