{"id":34427,"date":"2017-09-25T23:13:41","date_gmt":"2017-09-25T23:13:41","guid":{"rendered":"https:\/\/www.partnershipagainstcancer.ca\/?page_id=34427\/"},"modified":"2021-11-01T07:39:33","modified_gmt":"2021-11-01T12:39:33","slug":"executives","status":"publish","type":"page","link":"https:\/\/www.partnershipagainstcancer.ca\/fr\/about-us\/who-we-are\/executives\/","title":{"rendered":"\u00c9quipe de direction"},"content":{"rendered":"<p><div class=\"bios-container\"><ul class=\"gridder\"><li class=\"gridder-list\" data-griddercontent=\"#35293\"><img loading=\"lazy\" decoding=\"async\" width=\"252\" height=\"264\" src=\"https:\/\/www.partnershipagainstcancer.ca\/wp-content\/uploads\/2018\/08\/craig-earle.jpg\" class=\"bios-image wp-post-image\" alt=\"Craig Earle\" \/><br \/><div class=\"bio-title\">Craig Earle, M.D., PDG<\/div><div class=\"bio-profile-arrow\"><\/div><\/li>\n                <div id=\"35293\" class=\"gridder-content\">\n                <div class=\"col-sm-4 col-xs-12\">\n                          <h5>Craig Earle, M.D., PDG<\/h5><\/div>\n              <div class=\"col-sm-8 col-xs-12\"><p>Le D<sup>r<\/sup> Craig Earle s\u2019est joint au Partenariat en 2017 et en est actuellement le pr\u00e9sident-directeur g\u00e9n\u00e9ral. Dans son r\u00f4le pr\u00e9c\u00e9dent, le D<sup>r<\/sup> Earle \u00e9tait vice-pr\u00e9sident de la lutte contre le cancer, dirigeant les programmes et les initiatives qui permettent de r\u00e9pondre aux priorit\u00e9s et aux actions de la <em>Strat\u00e9gie canadienne de lutte contre le cancer 2019-2029<\/em>.<\/p>\n<p>Le D<sup>r<\/sup> Earle est \u00e9galement oncologue m\u00e9dical sp\u00e9cialis\u00e9 en oncologie gastro-intestinale au Odette Cancer Centre de l\u2019h\u00f4pital Sunnybrook, scientifique principal \u00e0 l\u2019ICES et professeur de m\u00e9decine \u00e0 l\u2019Universit\u00e9 de Toronto. Il a fait sa formation m\u00e9dicale et sa ma\u00eetrise en sciences (\u00e9pid\u00e9miologie) \u00e0 l\u2019Universit\u00e9 d\u2019Ottawa, et a obtenu une bourse de recherche de Harvard. Il a ensuite pass\u00e9 10 ans, de 1998 \u00e0 2008, \u00e0 la Harvard Medical School, au Dana-Farber Cancer Institute, au Brigham &amp; Women\u2019s Hospital et \u00e0 la Harvard School of Public Health \u00e0 Boston, au Massachusetts.<\/p>\n<p>Avant de se joindre au Partenariat, il \u00e9tait chef de l\u2019application clinique \u00e0 l\u2019Institut ontarien de recherche sur le cancer. Il a \u00e9galement occup\u00e9 le poste de directeur du programme de recherche sur les services de sant\u00e9 d\u2019Action Cancer Ontario.<\/p>\n<\/div>\n              <\/div>\n              <\/ul><\/div><br \/>\n&nbsp;<br \/>\n<div class=\"bios-container\"><ul class=\"gridder\"><li class=\"gridder-list\" data-griddercontent=\"#51682\"><img loading=\"lazy\" decoding=\"async\" width=\"286\" height=\"300\" src=\"https:\/\/www.partnershipagainstcancer.ca\/wp-content\/uploads\/2021\/11\/Erika-Nicholson-2025-286x300.png\" class=\"bios-image wp-post-image\" alt=\"Erika Nicholson\" srcset=\"https:\/\/www.partnershipagainstcancer.ca\/wp-content\/uploads\/2021\/11\/Erika-Nicholson-2025-286x300.png 286w, https:\/\/www.partnershipagainstcancer.ca\/wp-content\/uploads\/2021\/11\/Erika-Nicholson-2025-977x1024.png 977w, https:\/\/www.partnershipagainstcancer.ca\/wp-content\/uploads\/2021\/11\/Erika-Nicholson-2025-768x805.png 768w, https:\/\/www.partnershipagainstcancer.ca\/wp-content\/uploads\/2021\/11\/Erika-Nicholson-2025.png 1051w\" sizes=\"auto, (max-width: 286px) 100vw, 286px\" \/><br \/><div class=\"bio-title\">Erika Nicholson, V.-P., Syst\u00e8mes de lutte contre le cancer et innovation<\/div><div class=\"bio-profile-arrow\"><\/div><\/li>\n                <div id=\"51682\" class=\"gridder-content\">\n                <div class=\"col-sm-4 col-xs-12\">\n                          <h5>Erika Nicholson, V.-P., Syst\u00e8mes de lutte contre le cancer et innovation<\/h5><\/div>\n              <div class=\"col-sm-8 col-xs-12\"><p>Erika Nicholson s\u2019est jointe au Partenariat en 2018 et est actuellement vice-pr\u00e9sidente des syst\u00e8mes de lutte contre le cancer et de l&rsquo;innovation. \u00c0 ce titre, elle est charg\u00e9e de veiller \u00e0 ce que la <em>Strat\u00e9gie canadienne de lutte contre le cancer<\/em> atteigne ses objectifs dans tout le continuum du cancer\u00a0: la pr\u00e9vention, le d\u00e9pistage, le diagnostic, le traitement, les soins cliniques, la survie et les soins palliatifs.<\/p>\n<p>Pr\u00e9c\u00e9demment, M<sup>me<\/sup> Nicholson \u00e9tait directrice du d\u00e9pistage au Partenariat. L\u2019\u00e9quipe qu\u2019elle dirigeait \u00e9tait charg\u00e9e d\u2019am\u00e9liorer la prestation des programmes de d\u00e9pistage organis\u00e9s du cancer du sein, du cancer du col de l\u2019ut\u00e9rus, du cancer colorectal et du cancer du poumon au Canada et de favoriser l\u2019acc\u00e8s \u00e9quitable \u00e0 un d\u00e9pistage du cancer de qualit\u00e9 dans les provinces et les territoires. Bas\u00e9e \u00e0 Halifax, elle a \u00e9galement occup\u00e9, au Partenariat, le poste de responsable r\u00e9gionale de l\u2019Atlantique, faisant progresser la mission pancanadienne du Partenariat, \u00e9tablissant de solides relations avec les chefs de file du syst\u00e8me et soutenant les liens avec les organisations et les communaut\u00e9s autochtones dans tout le Canada atlantique.<\/p>\n<p>M<sup>me<\/sup> Nicholson poss\u00e8de plus de 20 ans d\u2019exp\u00e9rience en leadership strat\u00e9gique dans la lutte contre le cancer et la sant\u00e9 de la population. Avant de se joindre au Partenariat, elle a occup\u00e9 des postes de direction dans le syst\u00e8me de soins contre le cancer de la Nouvelle-\u00c9cosse, notamment en tant que directrice principale du programme provincial de soins contre le cancer \u00e0 Sant\u00e9 Nouvelle-\u00c9cosse et directrice de la pr\u00e9vention et de la d\u00e9tection pr\u00e9coce du cancer \u00e0 Cancer Care Nova Scotia. Dans ces r\u00f4les, elle \u00e9tait responsable de la transformation et de la gestion globales des services de soins du cancer et charg\u00e9e de l\u2019\u00e9laboration et de l\u2019introduction du programme de d\u00e9pistage du cancer colorectal de la Nouvelle-\u00c9cosse.<\/p>\n<\/div>\n              <\/div>\n              <li class=\"gridder-list\" data-griddercontent=\"#43228\"><img loading=\"lazy\" decoding=\"async\" width=\"287\" height=\"300\" src=\"https:\/\/www.partnershipagainstcancer.ca\/wp-content\/uploads\/2019\/08\/Andrea-Reed-2025-287x300.png\" class=\"bios-image wp-post-image\" alt=\"Andrea Reed\" srcset=\"https:\/\/www.partnershipagainstcancer.ca\/wp-content\/uploads\/2019\/08\/Andrea-Reed-2025-287x300.png 287w, https:\/\/www.partnershipagainstcancer.ca\/wp-content\/uploads\/2019\/08\/Andrea-Reed-2025-980x1024.png 980w, https:\/\/www.partnershipagainstcancer.ca\/wp-content\/uploads\/2019\/08\/Andrea-Reed-2025-768x802.png 768w, https:\/\/www.partnershipagainstcancer.ca\/wp-content\/uploads\/2019\/08\/Andrea-Reed-2025.png 1054w\" sizes=\"auto, (max-width: 287px) 100vw, 287px\" \/><br \/><div class=\"bio-title\">Andrea Reed, V.-P., Partenariats strat\u00e9giques<\/div><div class=\"bio-profile-arrow\"><\/div><\/li>\n                <div id=\"43228\" class=\"gridder-content\">\n                <div class=\"col-sm-4 col-xs-12\">\n                          <h5>Andrea Reed, V.-P., Partenariats strat\u00e9giques<\/h5><\/div>\n              <div class=\"col-sm-8 col-xs-12\"><p>Andrea Reed s\u2019est jointe au Partenariat en 2011 et est actuellement vice-pr\u00e9sidente, Partenariats strat\u00e9giques. Dans le cadre de ses fonctions, elle dirige des initiatives strat\u00e9giques complexes pour le Partenariat et travaille directement avec les partenaires (organismes de lutte contre le cancer, organisations de sant\u00e9, organismes autochtones et professionnels de la sant\u00e9) dans l\u2019ensemble du Canada pour favoriser les changements au sein du syst\u00e8me de lutte contre le cancer.<\/p>\n<p>\u00c0 l\u2019automne\u00a02018, Mme\u00a0Reed a dirig\u00e9 la plus grande mobilisation publique du Partenariat pour actualiser la\u00a0Strat\u00e9gie canadienne de lutte contre le cancer\u00a0\u00e0 la demande du gouvernement f\u00e9d\u00e9ral. Le Partenariat a mobilis\u00e9 plus de 7\u00a0500\u00a0Canadiens, fournisseurs de soins de sant\u00e9, organisations de sant\u00e9, et chefs et communaut\u00e9s autochtones, pour mieux comprendre la diversit\u00e9 des besoins, des valeurs et des priorit\u00e9s des Canadiens en ce qui concerne la pr\u00e9vention, le d\u00e9pistage, le traitement, la survie et les soins de fin de vie li\u00e9s au cancer. Le fruit de cette d\u00e9marche d\u2019actualisation est la\u00a0Strat\u00e9gie canadienne de lutte contre le cancer 2019-2029, qui comprend cinq priorit\u00e9s et mesures pour am\u00e9liorer les soins du cancer au Canada, et trois priorit\u00e9s et mesures propres aux soins du cancer pour les Premi\u00e8res Nations, les Inuits et les M\u00e9tis.<\/p>\n<p>Mme\u00a0Reed dirige \u00e9galement la mobilisation des intervenants pour le Partenariat, qui comprend la collaboration avec des partenaires cl\u00e9s des organismes provinciaux de lutte contre le cancer et des autorit\u00e9s sanitaires territoriales pour faire avancer les priorit\u00e9s de la Strat\u00e9gie. Elle est responsable de la mobilisation des partenaires et des intervenants, en plus de la production de rapports sur les r\u00e9sultats et les r\u00e9percussions des initiatives du Partenariat pour Sant\u00e9\u00a0Canada, les partenaires et les autres intervenants.<\/p>\n<p>Mme\u00a0Reed compte plus de 25\u00a0ans d\u2019exp\u00e9rience en communications, relations avec les intervenants et planification et d\u00e9veloppement des affaires, dans les secteurs priv\u00e9s et public, avec une sp\u00e9cialisation dans les organismes de sant\u00e9. Elle a notamment \u00e9t\u00e9 vice-pr\u00e9sidente, Sant\u00e9, chez Hill\u00a0&amp;\u00a0Knowlton Canada, dont elle a contribu\u00e9 \u00e0 hisser l\u2019expertise en sant\u00e9 parmi les plus grandes au Canada, et directrice des communications de campagne au Hospital for Sick Children. Mme\u00a0Reed a \u00e9galement \u00e9t\u00e9 consultante pour des entreprises pharmaceutiques et biotechnologiques reconnues, et pour d\u2019autres entreprises du secteur de la sant\u00e9. Elle est titulaire d\u2019une ma\u00eetrise en sociologie de l\u2019Universit\u00e9\u00a0York et d\u2019un baccalaur\u00e9at \u00e8s arts en psychologie et en anglais de l\u2019Universit\u00e9 de Toronto.<\/p>\n<\/div>\n              <\/div>\n              <li class=\"gridder-list\" data-griddercontent=\"#66750\"><img loading=\"lazy\" decoding=\"async\" width=\"286\" height=\"300\" src=\"https:\/\/www.partnershipagainstcancer.ca\/wp-content\/uploads\/2024\/01\/Shelley-Tapp-2025-286x300.png\" class=\"bios-image wp-post-image\" alt=\"Shelley Tapp\" srcset=\"https:\/\/www.partnershipagainstcancer.ca\/wp-content\/uploads\/2024\/01\/Shelley-Tapp-2025-286x300.png 286w, https:\/\/www.partnershipagainstcancer.ca\/wp-content\/uploads\/2024\/01\/Shelley-Tapp-2025-977x1024.png 977w, https:\/\/www.partnershipagainstcancer.ca\/wp-content\/uploads\/2024\/01\/Shelley-Tapp-2025-768x805.png 768w, https:\/\/www.partnershipagainstcancer.ca\/wp-content\/uploads\/2024\/01\/Shelley-Tapp-2025.png 1051w\" sizes=\"auto, (max-width: 286px) 100vw, 286px\" \/><br \/><div class=\"bio-title\">Shelley Tapp, V.-P., Finances et services de l\u2019entreprise<\/div><div class=\"bio-profile-arrow\"><\/div><\/li>\n                <div id=\"66750\" class=\"gridder-content\">\n                <div class=\"col-sm-4 col-xs-12\">\n                          <h5>Shelley Tapp, V.-P., Finances et services de l\u2019entreprise<\/h5><\/div>\n              <div class=\"col-sm-8 col-xs-12\"><p>Shelley\u00a0Tapp s\u2019est jointe au Partenariat en 2024 en tant que vice-pr\u00e9sidente, Finances et services de l\u2019entreprise, et secr\u00e9taire du conseil d\u2019administration. Dans ce r\u00f4le, elle sera charg\u00e9e de veiller \u00e0 ce que l\u2019organisation dispose d\u2019une plateforme financi\u00e8re solide lui permettant d\u2019exercer une influence maximale dans le cadre de son budget et de son mandat. Shelley et son \u00e9quipe assureront la gestion strat\u00e9gique financi\u00e8re, technique, op\u00e9rationnelle et des infrastructures, en vue de garantir que le Partenariat dispose des capacit\u00e9s, de la ma\u00eetrise et de la gouvernance n\u00e9cessaires pour r\u00e9aliser les priorit\u00e9s de la <em>Strat\u00e9gie canadienne de lutte contre le cancer<\/em>.<\/p>\n<p>Avec, \u00e0 son actif, plus de trente ans d\u2019exp\u00e9rience approfondie en leadership et dans le domaine des services g\u00e9n\u00e9raux au sein du gouvernement provincial et d\u2019autorit\u00e9s municipales, M<sup>me<\/sup>\u00a0Tapp peut se targuer de tr\u00e8s nombreux accomplissements au plus haut niveau dans la fonction publique. Avant d\u2019int\u00e9grer le Partenariat, elle \u00e9tait cadre sup\u00e9rieure de la fonction publique de l\u2019Ontario, o\u00f9 elle a occup\u00e9 divers postes de direction, notamment celui de sous-ministre du Bureau du Conseil des ministres, de sous-ministre du minist\u00e8re des Coll\u00e8ges et Universit\u00e9s, de sous-ministre des Transports et de directrice g\u00e9n\u00e9rale de l\u2019administration du minist\u00e8re des Transports et du minist\u00e8re de l\u2019Infrastructure.<\/p>\n<p>M<sup>me<\/sup>\u00a0Tapp a largement fait ses preuves en mati\u00e8re d\u2019\u00e9tablissement de relations solides avec divers intervenants \u00e0 l\u2019\u00e9chelon de gouvernements, de secteurs et de territoires de comp\u00e9tence. Elle partage l\u2019engagement du Partenariat envers la diversit\u00e9, l\u2019\u00e9quit\u00e9, l\u2019inclusion et la r\u00e9conciliation, ayant pilot\u00e9 et promu de nombreuses initiatives en la mati\u00e8re au sein de la fonction publique de l\u2019Ontario. Outre une grande richesse d\u2019expertise et de connaissances en mati\u00e8re de contr\u00f4le financier efficace, de reddition de comptes, de planification financi\u00e8re et strat\u00e9gique, de changement transformationnel, de prestation de programmes et de services, ainsi que de perfectionnement organisationnel, elle apporte une compr\u00e9hension exceptionnelle des syst\u00e8mes bureaucratiques complexes pr\u00e9valant dans les environnements politiques.<\/p>\n<p>M<sup>me<\/sup>\u00a0Tapp est titulaire d\u2019un baccalaur\u00e9at en \u00e9tudes environnementales de l\u2019Universit\u00e9 de Waterloo et a suivi le programme de perfectionnement des cadres de l\u2019Universit\u00e9 Queen\u2019s.<\/p>\n<\/div>\n              <\/div>\n              <\/ul><\/div><\/p>\n","protected":false},"excerpt":{"rendered":"<p>&nbsp;<\/p>\n","protected":false},"author":24,"featured_media":0,"parent":45912,"menu_order":2,"comment_status":"closed","ping_status":"closed","template":"our-people.php","meta":{"_acf_changed":false,"_monsterinsights_skip_tracking":false,"_monsterinsights_sitenote_active":false,"_monsterinsights_sitenote_note":"","_monsterinsights_sitenote_category":0,"ep_exclude_from_search":false,"footnotes":""},"categories":[],"tags":[],"site-tools":[],"ppma_author":[1964],"class_list":["post-34427","page","type-page","status-publish","hentry"],"acf":[],"yoast_head":"<!-- This site is optimized with the Yoast SEO plugin v27.3 - https:\/\/yoast.com\/product\/yoast-seo-wordpress\/ -->\n<title>Canadian Partnership Against Cancer<\/title>\n<meta name=\"description\" content=\"Apprenez-en plus sur notre \u00e9quipe de direction.\" \/>\n<meta name=\"robots\" content=\"index, follow, max-snippet:-1, max-image-preview:large, max-video-preview:-1\" \/>\n<link rel=\"canonical\" href=\"https:\/\/www.partnershipagainstcancer.ca\/fr\/about-us\/who-we-are\/executives\/\" \/>\n<meta property=\"og:locale\" content=\"fr_FR\" \/>\n<meta property=\"og:type\" content=\"article\" \/>\n<meta property=\"og:title\" content=\"\u00c9quipe de direction - Canadian Partnership Against Cancer\" \/>\n<meta property=\"og:description\" content=\"Apprenez-en plus sur notre \u00e9quipe de direction.\" \/>\n<meta property=\"og:url\" content=\"https:\/\/www.partnershipagainstcancer.ca\/fr\/about-us\/who-we-are\/executives\/\" \/>\n<meta property=\"og:site_name\" content=\"Canadian Partnership Against Cancer\" \/>\n<meta property=\"article:publisher\" content=\"https:\/\/www.facebook.com\/CanadianPartnershipAgainstCancer\/\" \/>\n<meta property=\"article:modified_time\" content=\"2021-11-01T12:39:33+00:00\" \/>\n<meta name=\"twitter:card\" content=\"summary_large_image\" \/>\n<meta name=\"twitter:site\" content=\"@cancerstratca\" \/>\n<script type=\"application\/ld+json\" class=\"yoast-schema-graph\">{\"@context\":\"https:\\\/\\\/schema.org\",\"@graph\":[{\"@type\":\"WebPage\",\"@id\":\"https:\\\/\\\/www.partnershipagainstcancer.ca\\\/fr\\\/about-us\\\/who-we-are\\\/executives\\\/\",\"url\":\"https:\\\/\\\/www.partnershipagainstcancer.ca\\\/fr\\\/about-us\\\/who-we-are\\\/executives\\\/\",\"name\":\"\u00c9quipe de direction - Canadian Partnership Against Cancer\",\"isPartOf\":{\"@id\":\"https:\\\/\\\/dev.partnershipagainstcancer.ca\\\/#website\"},\"datePublished\":\"2017-09-25T23:13:41+00:00\",\"dateModified\":\"2021-11-01T12:39:33+00:00\",\"description\":\"Apprenez-en plus sur notre \u00e9quipe de direction.\",\"breadcrumb\":{\"@id\":\"https:\\\/\\\/www.partnershipagainstcancer.ca\\\/fr\\\/about-us\\\/who-we-are\\\/executives\\\/#breadcrumb\"},\"inLanguage\":\"fr-FR\",\"potentialAction\":[{\"@type\":\"ReadAction\",\"target\":[\"https:\\\/\\\/www.partnershipagainstcancer.ca\\\/fr\\\/about-us\\\/who-we-are\\\/executives\\\/\"]}]},{\"@type\":\"BreadcrumbList\",\"@id\":\"https:\\\/\\\/www.partnershipagainstcancer.ca\\\/fr\\\/about-us\\\/who-we-are\\\/executives\\\/#breadcrumb\",\"itemListElement\":[{\"@type\":\"ListItem\",\"position\":1,\"name\":\"\u00c0 propos de nous\",\"item\":\"https:\\\/\\\/www.partnershipagainstcancer.ca\\\/fr\\\/about-us\\\/\"},{\"@type\":\"ListItem\",\"position\":2,\"name\":\"Qui nous sommes\",\"item\":\"https:\\\/\\\/www.partnershipagainstcancer.ca\\\/fr\\\/about-us\\\/who-we-are\\\/\"},{\"@type\":\"ListItem\",\"position\":3,\"name\":\"\u00c9quipe de direction\"}]},{\"@type\":\"WebSite\",\"@id\":\"https:\\\/\\\/dev.partnershipagainstcancer.ca\\\/#website\",\"url\":\"https:\\\/\\\/dev.partnershipagainstcancer.ca\\\/\",\"name\":\"Canadian Partnership Against Cancer\",\"description\":\"\",\"potentialAction\":[{\"@type\":\"SearchAction\",\"target\":{\"@type\":\"EntryPoint\",\"urlTemplate\":\"https:\\\/\\\/dev.partnershipagainstcancer.ca\\\/?s={search_term_string}\"},\"query-input\":{\"@type\":\"PropertyValueSpecification\",\"valueRequired\":true,\"valueName\":\"search_term_string\"}}],\"inLanguage\":\"fr-FR\"}]}<\/script>\n<!-- \/ Yoast SEO plugin. -->","yoast_head_json":{"title":"Canadian Partnership Against Cancer","description":"Apprenez-en plus sur notre \u00e9quipe de direction.","robots":{"index":"index","follow":"follow","max-snippet":"max-snippet:-1","max-image-preview":"max-image-preview:large","max-video-preview":"max-video-preview:-1"},"canonical":"https:\/\/www.partnershipagainstcancer.ca\/fr\/about-us\/who-we-are\/executives\/","og_locale":"fr_FR","og_type":"article","og_title":"\u00c9quipe de direction - Canadian Partnership Against Cancer","og_description":"Apprenez-en plus sur notre \u00e9quipe de direction.","og_url":"https:\/\/www.partnershipagainstcancer.ca\/fr\/about-us\/who-we-are\/executives\/","og_site_name":"Canadian Partnership Against Cancer","article_publisher":"https:\/\/www.facebook.com\/CanadianPartnershipAgainstCancer\/","article_modified_time":"2021-11-01T12:39:33+00:00","twitter_card":"summary_large_image","twitter_site":"@cancerstratca","schema":{"@context":"https:\/\/schema.org","@graph":[{"@type":"WebPage","@id":"https:\/\/www.partnershipagainstcancer.ca\/fr\/about-us\/who-we-are\/executives\/","url":"https:\/\/www.partnershipagainstcancer.ca\/fr\/about-us\/who-we-are\/executives\/","name":"\u00c9quipe de direction - Canadian Partnership Against Cancer","isPartOf":{"@id":"https:\/\/dev.partnershipagainstcancer.ca\/#website"},"datePublished":"2017-09-25T23:13:41+00:00","dateModified":"2021-11-01T12:39:33+00:00","description":"Apprenez-en plus sur notre \u00e9quipe de direction.","breadcrumb":{"@id":"https:\/\/www.partnershipagainstcancer.ca\/fr\/about-us\/who-we-are\/executives\/#breadcrumb"},"inLanguage":"fr-FR","potentialAction":[{"@type":"ReadAction","target":["https:\/\/www.partnershipagainstcancer.ca\/fr\/about-us\/who-we-are\/executives\/"]}]},{"@type":"BreadcrumbList","@id":"https:\/\/www.partnershipagainstcancer.ca\/fr\/about-us\/who-we-are\/executives\/#breadcrumb","itemListElement":[{"@type":"ListItem","position":1,"name":"\u00c0 propos de nous","item":"https:\/\/www.partnershipagainstcancer.ca\/fr\/about-us\/"},{"@type":"ListItem","position":2,"name":"Qui nous sommes","item":"https:\/\/www.partnershipagainstcancer.ca\/fr\/about-us\/who-we-are\/"},{"@type":"ListItem","position":3,"name":"\u00c9quipe de direction"}]},{"@type":"WebSite","@id":"https:\/\/dev.partnershipagainstcancer.ca\/#website","url":"https:\/\/dev.partnershipagainstcancer.ca\/","name":"Canadian Partnership Against Cancer","description":"","potentialAction":[{"@type":"SearchAction","target":{"@type":"EntryPoint","urlTemplate":"https:\/\/dev.partnershipagainstcancer.ca\/?s={search_term_string}"},"query-input":{"@type":"PropertyValueSpecification","valueRequired":true,"valueName":"search_term_string"}}],"inLanguage":"fr-FR"}]}},"_links":{"self":[{"href":"https:\/\/www.partnershipagainstcancer.ca\/fr\/wp-json\/wp\/v2\/pages\/34427","targetHints":{"allow":["GET"]}}],"collection":[{"href":"https:\/\/www.partnershipagainstcancer.ca\/fr\/wp-json\/wp\/v2\/pages"}],"about":[{"href":"https:\/\/www.partnershipagainstcancer.ca\/fr\/wp-json\/wp\/v2\/types\/page"}],"author":[{"embeddable":true,"href":"https:\/\/www.partnershipagainstcancer.ca\/fr\/wp-json\/wp\/v2\/users\/24"}],"replies":[{"embeddable":true,"href":"https:\/\/www.partnershipagainstcancer.ca\/fr\/wp-json\/wp\/v2\/comments?post=34427"}],"version-history":[{"count":3,"href":"https:\/\/www.partnershipagainstcancer.ca\/fr\/wp-json\/wp\/v2\/pages\/34427\/revisions"}],"predecessor-version":[{"id":51684,"href":"https:\/\/www.partnershipagainstcancer.ca\/fr\/wp-json\/wp\/v2\/pages\/34427\/revisions\/51684"}],"up":[{"embeddable":true,"href":"https:\/\/www.partnershipagainstcancer.ca\/fr\/wp-json\/wp\/v2\/pages\/45912"}],"wp:attachment":[{"href":"https:\/\/www.partnershipagainstcancer.ca\/fr\/wp-json\/wp\/v2\/media?parent=34427"}],"wp:term":[{"taxonomy":"category","embeddable":true,"href":"https:\/\/www.partnershipagainstcancer.ca\/fr\/wp-json\/wp\/v2\/categories?post=34427"},{"taxonomy":"post_tag","embeddable":true,"href":"https:\/\/www.partnershipagainstcancer.ca\/fr\/wp-json\/wp\/v2\/tags?post=34427"},{"taxonomy":"site-tools","embeddable":true,"href":"https:\/\/www.partnershipagainstcancer.ca\/fr\/wp-json\/wp\/v2\/site-tools?post=34427"},{"taxonomy":"author","embeddable":true,"href":"https:\/\/www.partnershipagainstcancer.ca\/fr\/wp-json\/wp\/v2\/ppma_author?post=34427"}],"curies":[{"name":"wp","href":"https:\/\/api.w.org\/{rel}","templated":true}]}}