{"id":71126,"date":"2024-07-02T12:55:39","date_gmt":"2024-07-02T17:55:39","guid":{"rendered":"https:\/\/www.partnershipagainstcancer.ca\/annual-report\/2023-2024-annual-report\/leadership\/"},"modified":"2025-09-11T10:24:43","modified_gmt":"2025-09-11T15:24:43","slug":"leadership","status":"publish","type":"annual_report","link":"https:\/\/www.partnershipagainstcancer.ca\/fr\/annual-report\/2023-2024-annual-report\/leadership\/","title":{"rendered":"Direction"},"content":{"rendered":"\r\n<h2 class=\"wp-block-heading\"><strong>Conseil d\u2019administration en\u202f2023-2024&nbsp;<\/strong><\/h2>\r\n\r\n\r\n\r\n<p><strong>Du 1<sup>er<\/sup>\u202favril\u202f2023 au\u202f31\u202fmars\u202f2024<\/strong><\/p>\r\n\r\n\r\n\n<div class=\"container ar-board-member-wrapper\">\n    <div class=\"row\">\n                    <div class=\"ar-bm-each\">\n\n                                    <div class=\"ar-bm-photo-area\">\n                       <img loading=\"lazy\" decoding=\"async\" width=\"252\" height=\"264\" src=\"https:\/\/www.partnershipagainstcancer.ca\/wp-content\/uploads\/2017\/07\/Jeff-Zweig-Board-v2.png\" class=\"attachment-medium size-medium\" alt=\"Jeff Zweig\" \/>                    <\/div>\n                \n                <div class=\"ar-bm-person-name\">Jeff Zweig<\/div>\n                                    <div class=\"ar-bm-person-position\"> Pr\u00e9sident du conseil d\u2019administration du Partenariat canadien contre le cancer; associ\u00e9, vice-pr\u00e9sident et chef du capital naturel (Agriculture et Terres foresti\u00e8res) \u00e0 Fiera Comox<\/div>\n                            <\/div><!--\/\/ar-bm-each-->\n                    <div class=\"ar-bm-each\">\n\n                                    <div class=\"ar-bm-photo-area\">\n                       <img loading=\"lazy\" decoding=\"async\" width=\"252\" height=\"264\" src=\"https:\/\/www.partnershipagainstcancer.ca\/wp-content\/uploads\/2022\/09\/Kristy-Anderson-Board-v2.png\" class=\"attachment-medium size-medium\" alt=\"Kristy Anderson\" \/>                    <\/div>\n                \n                <div class=\"ar-bm-person-name\">Kristy Anderson<\/div>\n                                    <div class=\"ar-bm-person-position\">Sous-ministre adjointe des services hospitaliers et des services de sant\u00e9 provinciaux  <\/div>\n                            <\/div><!--\/\/ar-bm-each-->\n                    <div class=\"ar-bm-each\">\n\n                                    <div class=\"ar-bm-photo-area\">\n                       <img loading=\"lazy\" decoding=\"async\" width=\"252\" height=\"264\" src=\"https:\/\/www.partnershipagainstcancer.ca\/wp-content\/uploads\/2019\/03\/Julien-Billot-Board-v2.jpg\" class=\"attachment-medium size-medium\" alt=\"Julien Billot\" \/>                    <\/div>\n                \n                <div class=\"ar-bm-person-name\">Julien Billot<\/div>\n                                    <div class=\"ar-bm-person-position\">Pr\u00e9sident et chef de la direction de Scale AI professeur adjoint, HEC Montr\u00e9al<\/div>\n                            <\/div><!--\/\/ar-bm-each-->\n                    <div class=\"ar-bm-each\">\n\n                                    <div class=\"ar-bm-photo-area\">\n                       <img loading=\"lazy\" decoding=\"async\" width=\"252\" height=\"264\" src=\"https:\/\/www.partnershipagainstcancer.ca\/wp-content\/uploads\/2021\/07\/Katherine-Chubbs-Board-v2.png\" class=\"attachment-medium size-medium\" alt=\"Katherine Chubbs\" \/>                    <\/div>\n                \n                <div class=\"ar-bm-person-name\">Dre Katherine Chubbs<\/div>\n                                    <div class=\"ar-bm-person-position\">Ph. D., pr\u00e9sidente et directrice g\u00e9n\u00e9rale de The Good Samaritan Society, Good Samaritan Canada et Good Samaritan Delta View Care Centre lt\u00e9e<\/div>\n                            <\/div><!--\/\/ar-bm-each-->\n                    <div class=\"ar-bm-each\">\n\n                                    <div class=\"ar-bm-photo-area\">\n                       <img loading=\"lazy\" decoding=\"async\" width=\"239\" height=\"250\" src=\"https:\/\/www.partnershipagainstcancer.ca\/wp-content\/uploads\/2023\/07\/Andre-Corriveau.jpg\" class=\"attachment-medium size-medium\" alt=\"Dr Andr\u00e9 Corriveau\" \/>                    <\/div>\n                \n                <div class=\"ar-bm-person-name\">Dr Andr\u00e9 Corriveau<\/div>\n                                    <div class=\"ar-bm-person-position\">Vice-pr\u00e9sident du conseil d\u2019administration du Partenariat canadien contre le cancer; consultant en prestation de services de sant\u00e9 et en sant\u00e9 publique<\/div>\n                            <\/div><!--\/\/ar-bm-each-->\n                    <div class=\"ar-bm-each\">\n\n                                    <div class=\"ar-bm-photo-area\">\n                       <img loading=\"lazy\" decoding=\"async\" width=\"239\" height=\"250\" src=\"https:\/\/www.partnershipagainstcancer.ca\/wp-content\/uploads\/2023\/07\/Michael-Crump.jpg\" class=\"attachment-medium size-medium\" alt=\"Dr Michael Crump\" \/>                    <\/div>\n                \n                <div class=\"ar-bm-person-name\">Dr Michael Crump<\/div>\n                                    <div class=\"ar-bm-person-position\">H\u00e9matologue et clinicien-chercheur, Princess Margaret Cancer Centre<\/div>\n                            <\/div><!--\/\/ar-bm-each-->\n                    <div class=\"ar-bm-each\">\n\n                                    <div class=\"ar-bm-photo-area\">\n                       <img loading=\"lazy\" decoding=\"async\" width=\"239\" height=\"250\" src=\"https:\/\/www.partnershipagainstcancer.ca\/wp-content\/uploads\/2023\/07\/Linda-Dempster.jpg\" class=\"attachment-medium size-medium\" alt=\"Linda Dempster\" \/>                    <\/div>\n                \n                <div class=\"ar-bm-person-name\">Linda Dempster<\/div>\n                                    <div class=\"ar-bm-person-position\">Vice-pr\u00e9sidente, Exp\u00e9rience des patients et r\u00e9ponse \u00e0 la pand\u00e9mie, Fraser Health Authority<\/div>\n                            <\/div><!--\/\/ar-bm-each-->\n                    <div class=\"ar-bm-each\">\n\n                                    <div class=\"ar-bm-photo-area\">\n                       <img loading=\"lazy\" decoding=\"async\" width=\"239\" height=\"250\" src=\"https:\/\/www.partnershipagainstcancer.ca\/wp-content\/uploads\/2023\/07\/Craig-Earle.jpg\" class=\"attachment-medium size-medium\" alt=\"Dr Craig Earle\" \/>                    <\/div>\n                \n                <div class=\"ar-bm-person-name\">Dr Craig Earle<\/div>\n                                    <div class=\"ar-bm-person-position\">Pr\u00e9sident-directeur g\u00e9n\u00e9ral, Partenariat canadien contre le cancer<\/div>\n                            <\/div><!--\/\/ar-bm-each-->\n                    <div class=\"ar-bm-each\">\n\n                                    <div class=\"ar-bm-photo-area\">\n                       <img loading=\"lazy\" decoding=\"async\" width=\"239\" height=\"250\" src=\"https:\/\/www.partnershipagainstcancer.ca\/wp-content\/uploads\/2024\/01\/Janice-Fitzgerald-239-250.png\" class=\"attachment-medium size-medium\" alt=\"Janice Fitzgerald\" \/>                    <\/div>\n                \n                <div class=\"ar-bm-person-name\">Dre Janice Fitzgerald<\/div>\n                                    <div class=\"ar-bm-person-position\">M\u00e9decin hygi\u00e9niste en chef de Terre-Neuve-et-Labrador (\u00e9lue en octobre 2023)<\/div>\n                            <\/div><!--\/\/ar-bm-each-->\n                    <div class=\"ar-bm-each\">\n\n                                    <div class=\"ar-bm-photo-area\">\n                       <img loading=\"lazy\" decoding=\"async\" width=\"239\" height=\"250\" src=\"https:\/\/www.partnershipagainstcancer.ca\/wp-content\/uploads\/2023\/07\/Desiree-Hao.jpg\" class=\"attachment-medium size-medium\" alt=\"Dre Desir\u00e9e Hao\" \/>                    <\/div>\n                \n                <div class=\"ar-bm-person-name\">Dre Desir\u00e9e Hao<\/div>\n                                    <div class=\"ar-bm-person-position\">Oncologue m\u00e9dicale, Tom Baker Cancer Centre; professeur de m\u00e9decine, Cumming School of Medicine, Universit\u00e9 de Calgary<\/div>\n                            <\/div><!--\/\/ar-bm-each-->\n                    <div class=\"ar-bm-each\">\n\n                                    <div class=\"ar-bm-photo-area\">\n                       <img loading=\"lazy\" decoding=\"async\" width=\"239\" height=\"250\" src=\"https:\/\/www.partnershipagainstcancer.ca\/wp-content\/uploads\/2023\/07\/Peter-Kaftarian.jpg\" class=\"attachment-medium size-medium\" alt=\"Peter Kaftarian\" \/>                    <\/div>\n                \n                <div class=\"ar-bm-person-name\">Peter Kaftarian<\/div>\n                                    <div class=\"ar-bm-person-position\">Sous-ministre associ\u00e9 des soins cliniques et de la prestation des services au minist\u00e8re de la Sant\u00e9 de l\u2019Ontario<\/div>\n                            <\/div><!--\/\/ar-bm-each-->\n                    <div class=\"ar-bm-each\">\n\n                                    <div class=\"ar-bm-photo-area\">\n                       <img loading=\"lazy\" decoding=\"async\" width=\"252\" height=\"264\" src=\"https:\/\/www.partnershipagainstcancer.ca\/wp-content\/uploads\/2023\/09\/Ingrid-Kirby-252-264.png\" class=\"attachment-medium size-medium\" alt=\"Ingrid Kirby\" \/>                    <\/div>\n                \n                <div class=\"ar-bm-person-name\">Ingrid Kirby<\/div>\n                                    <div class=\"ar-bm-person-position\">Sous-ministre associ\u00e9e des services m\u00e9dicaux et des services de soins de courte dur\u00e9e et d\u2019urgence au minist\u00e8re de la Sant\u00e9 de la Saskatchewan (\u00e9lue en juin 2023)<\/div>\n                            <\/div><!--\/\/ar-bm-each-->\n                    <div class=\"ar-bm-each\">\n\n                                    <div class=\"ar-bm-photo-area\">\n                       <img loading=\"lazy\" decoding=\"async\" width=\"239\" height=\"250\" src=\"https:\/\/www.partnershipagainstcancer.ca\/wp-content\/uploads\/2023\/07\/David-Lai.jpg\" class=\"attachment-medium size-medium\" alt=\"David Lai\" \/>                    <\/div>\n                \n                <div class=\"ar-bm-person-name\">David Lai<\/div>\n                                    <div class=\"ar-bm-person-position\">Directeur g\u00e9n\u00e9ral et directeur de l\u2019infrastructure technologique et des op\u00e9rations, McCarthy T\u00e9trault<\/div>\n                            <\/div><!--\/\/ar-bm-each-->\n                    <div class=\"ar-bm-each\">\n\n                                    <div class=\"ar-bm-photo-area\">\n                       <img loading=\"lazy\" decoding=\"async\" width=\"239\" height=\"250\" src=\"https:\/\/www.partnershipagainstcancer.ca\/wp-content\/uploads\/2023\/07\/Darren-Larsen.jpg\" class=\"attachment-medium size-medium\" alt=\"Dr Darren Larsen\" \/>                    <\/div>\n                \n                <div class=\"ar-bm-person-name\">Dr Darren Larsen<\/div>\n                                    <div class=\"ar-bm-person-position\">Conseiller m\u00e9dical, KPMG Healthcare Consulting; charg\u00e9 de cours, D\u00e9partement de m\u00e9decine familiale et communautaire et Institute for Health Policy Management and Evaluation de l\u2019Universit\u00e9 de Toronto <\/div>\n                            <\/div><!--\/\/ar-bm-each-->\n                    <div class=\"ar-bm-each\">\n\n                                    <div class=\"ar-bm-photo-area\">\n                       <img loading=\"lazy\" decoding=\"async\" width=\"239\" height=\"250\" src=\"https:\/\/www.partnershipagainstcancer.ca\/wp-content\/uploads\/2023\/07\/Jean-Latreille.jpg\" class=\"attachment-medium size-medium\" alt=\"Dr Jean Latreille\" \/>                    <\/div>\n                \n                <div class=\"ar-bm-person-name\">Dr Jean Latreille<\/div>\n                                    <div class=\"ar-bm-person-position\">Directeur national, Programme qu\u00e9b\u00e9cois de canc\u00e9rologie, minist\u00e8re de la Sant\u00e9 et des Services sociaux du Qu\u00e9bec<\/div>\n                            <\/div><!--\/\/ar-bm-each-->\n                    <div class=\"ar-bm-each\">\n\n                                    <div class=\"ar-bm-photo-area\">\n                       <img loading=\"lazy\" decoding=\"async\" width=\"239\" height=\"250\" src=\"https:\/\/www.partnershipagainstcancer.ca\/wp-content\/uploads\/2023\/07\/Dr.-Sri-Navaratnam.jpg\" class=\"attachment-medium size-medium\" alt=\"Dre Sri Navaratnam\" \/>                    <\/div>\n                \n                <div class=\"ar-bm-person-name\">Dre Sri Navaratnam<\/div>\n                                    <div class=\"ar-bm-person-position\">Pr\u00e9sidente et chef de la direction d\u2019Action cancer Manitoba, et professeure au D\u00e9partement de m\u00e9decine interne de la Rady Faculty of Health Sciences de l\u2019Universit\u00e9 du Manitoba <\/div>\n                            <\/div><!--\/\/ar-bm-each-->\n                    <div class=\"ar-bm-each\">\n\n                                    <div class=\"ar-bm-photo-area\">\n                       <img loading=\"lazy\" decoding=\"async\" width=\"239\" height=\"250\" src=\"https:\/\/www.partnershipagainstcancer.ca\/wp-content\/uploads\/2023\/07\/D-Neville.jpg\" class=\"attachment-medium size-medium\" alt=\"Dre Doreen Neville\" \/>                    <\/div>\n                \n                <div class=\"ar-bm-person-name\">Doreen Neville<\/div>\n                                    <div class=\"ar-bm-person-position\">Cadre sup\u00e9rieure \u00e0 la retraite dans les syst\u00e8mes de soins de sant\u00e9 et d\u2019enseignement postsecondaire \u00e0 Terre-Neuve-et-Labrador<\/div>\n                            <\/div><!--\/\/ar-bm-each-->\n                    <div class=\"ar-bm-each\">\n\n                                    <div class=\"ar-bm-photo-area\">\n                       <img loading=\"lazy\" decoding=\"async\" width=\"239\" height=\"250\" src=\"https:\/\/www.partnershipagainstcancer.ca\/wp-content\/uploads\/2023\/07\/Michelle-Owen.jpg\" class=\"attachment-medium size-medium\" alt=\"Michelle Owen\" \/>                    <\/div>\n                \n                <div class=\"ar-bm-person-name\">Michelle Owen<\/div>\n                                    <div class=\"ar-bm-person-position\">Directrice, Division des programmes, programmes de soins de sant\u00e9 et Direction g\u00e9n\u00e9rale des politiques de sant\u00e9, Sant\u00e9 Canada<\/div>\n                            <\/div><!--\/\/ar-bm-each-->\n                    <div class=\"ar-bm-each\">\n\n                                    <div class=\"ar-bm-photo-area\">\n                       <img loading=\"lazy\" decoding=\"async\" width=\"238\" height=\"250\" src=\"https:\/\/www.partnershipagainstcancer.ca\/wp-content\/uploads\/2023\/07\/Shannon-Ryhorchuk.jpg\" class=\"attachment-medium size-medium\" alt=\"Shannon Ryhorchuk\" \/>                    <\/div>\n                \n                <div class=\"ar-bm-person-name\">Shannon Ryhorchuk<\/div>\n                                    <div class=\"ar-bm-person-position\">Associ\u00e9e, Certification et associ\u00e9e responsable de la mise en \u0153uvre des processus d\u2019ind\u00e9pendance, PwC Canada<\/div>\n                            <\/div><!--\/\/ar-bm-each-->\n                    <div class=\"ar-bm-each\">\n\n                                    <div class=\"ar-bm-photo-area\">\n                       <img loading=\"lazy\" decoding=\"async\" width=\"239\" height=\"250\" src=\"https:\/\/www.partnershipagainstcancer.ca\/wp-content\/uploads\/2023\/07\/A-Seale.jpg\" class=\"attachment-medium size-medium\" alt=\"Andrea Seale\" \/>                    <\/div>\n                \n                <div class=\"ar-bm-person-name\">Andrea Seale<\/div>\n                                    <div class=\"ar-bm-person-position\">Chef de la direction, Soci\u00e9t\u00e9 canadienne du cancer<\/div>\n                            <\/div><!--\/\/ar-bm-each-->\n                    <div class=\"ar-bm-each\">\n\n                                    <div class=\"ar-bm-photo-area\">\n                       <img loading=\"lazy\" decoding=\"async\" width=\"239\" height=\"250\" src=\"https:\/\/www.partnershipagainstcancer.ca\/wp-content\/uploads\/2023\/07\/Cheryl-Smith.jpg\" class=\"attachment-medium size-medium\" alt=\"Cheryl Smith\" \/>                    <\/div>\n                \n                <div class=\"ar-bm-person-name\">Cheryl Smith<\/div>\n                                    <div class=\"ar-bm-person-position\">Repr\u00e9sentante du public de l\u2019Ordre des m\u00e9decins et chirurgiens du Manitoba; membre du comit\u00e9 de nomination des juges de la Cour provinciale du Manitoba<\/div>\n                            <\/div><!--\/\/ar-bm-each-->\n                    <div class=\"ar-bm-each\">\n\n                                    <div class=\"ar-bm-photo-area\">\n                       <img loading=\"lazy\" decoding=\"async\" width=\"252\" height=\"264\" src=\"https:\/\/www.partnershipagainstcancer.ca\/wp-content\/uploads\/2024\/04\/jocelyne-voisin-1.jpg\" class=\"attachment-medium size-medium\" alt=\"\" \/>                    <\/div>\n                \n                <div class=\"ar-bm-person-name\">Jocelyne Voisin<\/div>\n                                    <div class=\"ar-bm-person-position\">Sous-ministre adjointe \u00e0 la Direction g\u00e9n\u00e9rale de la politique strat\u00e9gique de Sant\u00e9 Canada (\u00e9lue en mars 2024)<\/div>\n                            <\/div><!--\/\/ar-bm-each-->\n            <\/div><!--\/\/row-->\n<\/div><!--\/\/ar-board-member-wrapper-->\n\n\r\n\r\n\n\n\r\n\r\n\n\n\r\n\r\n\n\n","protected":false},"parent":71116,"menu_order":4,"template":"annual-report-with-sidebar-links.php","class_list":["post-71126","annual_report","type-annual_report","status-publish","hentry"],"acf":[],"yoast_head":"<!-- This site is optimized with the Yoast SEO plugin v27.3 - https:\/\/yoast.com\/product\/yoast-seo-wordpress\/ -->\n<title>Canadian Partnership Against Cancer<\/title>\n<meta name=\"robots\" content=\"index, follow, max-snippet:-1, max-image-preview:large, max-video-preview:-1\" \/>\n<link rel=\"canonical\" href=\"https:\/\/www.partnershipagainstcancer.ca\/fr\/annual-report\/2023-2024-annual-report\/leadership\/\" \/>\n<meta property=\"og:locale\" content=\"fr_FR\" \/>\n<meta property=\"og:type\" content=\"article\" \/>\n<meta property=\"og:title\" content=\"Direction - Canadian Partnership Against Cancer\" \/>\n<meta property=\"og:description\" content=\"Conseil d\u2019administration en\u202f2023-2024&nbsp; Du 1er\u202favril\u202f2023 au\u202f31\u202fmars\u202f2024\" \/>\n<meta property=\"og:url\" content=\"https:\/\/www.partnershipagainstcancer.ca\/fr\/annual-report\/2023-2024-annual-report\/leadership\/\" \/>\n<meta property=\"og:site_name\" content=\"Canadian Partnership Against Cancer\" \/>\n<meta property=\"article:publisher\" content=\"https:\/\/www.facebook.com\/CanadianPartnershipAgainstCancer\/\" \/>\n<meta property=\"article:modified_time\" content=\"2025-09-11T15:24:43+00:00\" \/>\n<meta name=\"twitter:card\" content=\"summary_large_image\" \/>\n<meta name=\"twitter:site\" content=\"@cancerstratca\" \/>\n<meta name=\"twitter:label1\" content=\"Dur\u00e9e de lecture estim\u00e9e\" \/>\n\t<meta name=\"twitter:data1\" content=\"1 minute\" \/>\n<script type=\"application\/ld+json\" class=\"yoast-schema-graph\">{\"@context\":\"https:\\\/\\\/schema.org\",\"@graph\":[{\"@type\":\"WebPage\",\"@id\":\"https:\\\/\\\/www.partnershipagainstcancer.ca\\\/fr\\\/annual-report\\\/2023-2024-annual-report\\\/leadership\\\/\",\"url\":\"https:\\\/\\\/www.partnershipagainstcancer.ca\\\/fr\\\/annual-report\\\/2023-2024-annual-report\\\/leadership\\\/\",\"name\":\"Direction - Canadian Partnership Against Cancer\",\"isPartOf\":{\"@id\":\"https:\\\/\\\/dev.partnershipagainstcancer.ca\\\/#website\"},\"datePublished\":\"2024-07-02T17:55:39+00:00\",\"dateModified\":\"2025-09-11T15:24:43+00:00\",\"breadcrumb\":{\"@id\":\"https:\\\/\\\/www.partnershipagainstcancer.ca\\\/fr\\\/annual-report\\\/2023-2024-annual-report\\\/leadership\\\/#breadcrumb\"},\"inLanguage\":\"fr-FR\",\"potentialAction\":[{\"@type\":\"ReadAction\",\"target\":[\"https:\\\/\\\/www.partnershipagainstcancer.ca\\\/fr\\\/annual-report\\\/2023-2024-annual-report\\\/leadership\\\/\"]}]},{\"@type\":\"BreadcrumbList\",\"@id\":\"https:\\\/\\\/www.partnershipagainstcancer.ca\\\/fr\\\/annual-report\\\/2023-2024-annual-report\\\/leadership\\\/#breadcrumb\",\"itemListElement\":[{\"@type\":\"ListItem\",\"position\":1,\"name\":\"Annual Reports\",\"item\":\"https:\\\/\\\/dev.partnershipagainstcancer.ca\\\/annual-report\\\/\"},{\"@type\":\"ListItem\",\"position\":2,\"name\":\"Rapport annuel\u202fde 2023-2024\u00a0\",\"item\":\"https:\\\/\\\/www.partnershipagainstcancer.ca\\\/fr\\\/annual-report\\\/2023-2024-annual-report\\\/\"},{\"@type\":\"ListItem\",\"position\":3,\"name\":\"Direction\"}]},{\"@type\":\"WebSite\",\"@id\":\"https:\\\/\\\/dev.partnershipagainstcancer.ca\\\/#website\",\"url\":\"https:\\\/\\\/dev.partnershipagainstcancer.ca\\\/\",\"name\":\"Canadian Partnership Against Cancer\",\"description\":\"\",\"potentialAction\":[{\"@type\":\"SearchAction\",\"target\":{\"@type\":\"EntryPoint\",\"urlTemplate\":\"https:\\\/\\\/dev.partnershipagainstcancer.ca\\\/?s={search_term_string}\"},\"query-input\":{\"@type\":\"PropertyValueSpecification\",\"valueRequired\":true,\"valueName\":\"search_term_string\"}}],\"inLanguage\":\"fr-FR\"}]}<\/script>\n<!-- \/ Yoast SEO plugin. -->","yoast_head_json":{"title":"Canadian Partnership Against Cancer","robots":{"index":"index","follow":"follow","max-snippet":"max-snippet:-1","max-image-preview":"max-image-preview:large","max-video-preview":"max-video-preview:-1"},"canonical":"https:\/\/www.partnershipagainstcancer.ca\/fr\/annual-report\/2023-2024-annual-report\/leadership\/","og_locale":"fr_FR","og_type":"article","og_title":"Direction - Canadian Partnership Against Cancer","og_description":"Conseil d\u2019administration en\u202f2023-2024&nbsp; Du 1er\u202favril\u202f2023 au\u202f31\u202fmars\u202f2024","og_url":"https:\/\/www.partnershipagainstcancer.ca\/fr\/annual-report\/2023-2024-annual-report\/leadership\/","og_site_name":"Canadian Partnership Against Cancer","article_publisher":"https:\/\/www.facebook.com\/CanadianPartnershipAgainstCancer\/","article_modified_time":"2025-09-11T15:24:43+00:00","twitter_card":"summary_large_image","twitter_site":"@cancerstratca","twitter_misc":{"Dur\u00e9e de lecture estim\u00e9e":"1 minute"},"schema":{"@context":"https:\/\/schema.org","@graph":[{"@type":"WebPage","@id":"https:\/\/www.partnershipagainstcancer.ca\/fr\/annual-report\/2023-2024-annual-report\/leadership\/","url":"https:\/\/www.partnershipagainstcancer.ca\/fr\/annual-report\/2023-2024-annual-report\/leadership\/","name":"Direction - Canadian Partnership Against Cancer","isPartOf":{"@id":"https:\/\/dev.partnershipagainstcancer.ca\/#website"},"datePublished":"2024-07-02T17:55:39+00:00","dateModified":"2025-09-11T15:24:43+00:00","breadcrumb":{"@id":"https:\/\/www.partnershipagainstcancer.ca\/fr\/annual-report\/2023-2024-annual-report\/leadership\/#breadcrumb"},"inLanguage":"fr-FR","potentialAction":[{"@type":"ReadAction","target":["https:\/\/www.partnershipagainstcancer.ca\/fr\/annual-report\/2023-2024-annual-report\/leadership\/"]}]},{"@type":"BreadcrumbList","@id":"https:\/\/www.partnershipagainstcancer.ca\/fr\/annual-report\/2023-2024-annual-report\/leadership\/#breadcrumb","itemListElement":[{"@type":"ListItem","position":1,"name":"Annual Reports","item":"https:\/\/dev.partnershipagainstcancer.ca\/annual-report\/"},{"@type":"ListItem","position":2,"name":"Rapport annuel\u202fde 2023-2024\u00a0","item":"https:\/\/www.partnershipagainstcancer.ca\/fr\/annual-report\/2023-2024-annual-report\/"},{"@type":"ListItem","position":3,"name":"Direction"}]},{"@type":"WebSite","@id":"https:\/\/dev.partnershipagainstcancer.ca\/#website","url":"https:\/\/dev.partnershipagainstcancer.ca\/","name":"Canadian Partnership Against Cancer","description":"","potentialAction":[{"@type":"SearchAction","target":{"@type":"EntryPoint","urlTemplate":"https:\/\/dev.partnershipagainstcancer.ca\/?s={search_term_string}"},"query-input":{"@type":"PropertyValueSpecification","valueRequired":true,"valueName":"search_term_string"}}],"inLanguage":"fr-FR"}]}},"_links":{"self":[{"href":"https:\/\/www.partnershipagainstcancer.ca\/fr\/wp-json\/wp\/v2\/annual_report\/71126","targetHints":{"allow":["GET"]}}],"collection":[{"href":"https:\/\/www.partnershipagainstcancer.ca\/fr\/wp-json\/wp\/v2\/annual_report"}],"about":[{"href":"https:\/\/www.partnershipagainstcancer.ca\/fr\/wp-json\/wp\/v2\/types\/annual_report"}],"up":[{"embeddable":true,"href":"https:\/\/www.partnershipagainstcancer.ca\/fr\/wp-json\/wp\/v2\/annual_report\/71116"}],"wp:attachment":[{"href":"https:\/\/www.partnershipagainstcancer.ca\/fr\/wp-json\/wp\/v2\/media?parent=71126"}],"curies":[{"name":"wp","href":"https:\/\/api.w.org\/{rel}","templated":true}]}}